{"id":763,"date":"2021-12-28T20:09:36","date_gmt":"2021-12-28T20:09:36","guid":{"rendered":"https:\/\/covid19-a-savoir.net\/?page_id=763"},"modified":"2021-12-28T23:32:02","modified_gmt":"2021-12-28T23:32:02","slug":"belgique-une-solution-aux-medecins-qui-refusent-les-non-vaccines-ainsi-quaux-hopitaux","status":"publish","type":"page","link":"https:\/\/covid19-a-savoir.net\/index.php\/belgique-une-solution-aux-medecins-qui-refusent-les-non-vaccines-ainsi-quaux-hopitaux\/","title":{"rendered":"\u00ab\u00a0BELGIQUE\u00a0\u00bb &#8211;  Une solution aux m\u00e9decins qui refusent les non-vaccin\u00e9s ainsi qu&rsquo;aux h\u00f4pitaux"},"content":{"rendered":"<div id=\"dslc-theme-content\"><div id=\"dslc-theme-content-inner\">\n<p><\/p>\n\n\n\n<p class=\"has-text-align-center has-vivid-red-color has-text-color\">Lagard\u00e8re, Unit\u00e9 M\u00e9dico-Sociale asbl<\/p>\n\n\n\n<p class=\"has-text-align-center has-vivid-red-color has-text-color has-large-font-size\">T\u00e9l:  <strong>0800 12 505<\/strong><\/p>\n\n\n\n<figure class=\"wp-block-image size-full\"><img fetchpriority=\"high\" decoding=\"async\" width=\"1024\" height=\"706\" src=\"https:\/\/covid19-a-savoir.net\/wp-content\/uploads\/2021\/12\/lagardere.jpg\" alt=\"\" class=\"wp-image-778\" srcset=\"https:\/\/covid19-a-savoir.net\/wp-content\/uploads\/2021\/12\/lagardere.jpg 1024w, https:\/\/covid19-a-savoir.net\/wp-content\/uploads\/2021\/12\/lagardere-300x207.jpg 300w, https:\/\/covid19-a-savoir.net\/wp-content\/uploads\/2021\/12\/lagardere-768x530.jpg 768w\" sizes=\"(max-width: 1024px) 100vw, 1024px\" \/><\/figure>\n\n\n\n<p class=\"has-vivid-cyan-blue-color has-text-color has-medium-font-size\"><strong>Les m\u00e9decins se mobilisent via Lagard\u00e8re, unit\u00e9 m\u00e9dico-sociale asbl<\/strong><\/p>\n\n\n\n<iframe width=\"160\" height=\"315\" src=\"https:\/\/crowdbunker.com\/embed\/LtfOSRHjvAA\" frameborder=\"0\" allow=\"accelerometer; clipboard-write; encrypted-media; gyroscope; picture-in-picture\" allowfullscreen=\"\" scrolling=\"no\"><\/iframe>\n\n\n\n<p class=\"has-vivid-cyan-blue-color has-text-color has-medium-font-size\"><strong>Dr David Bouillon : COVID-19, mes conseils Sant\u00e9.<\/strong><\/p>\n\n\n\n<iframe width=\"160\" height=\"315\" src=\"https:\/\/crowdbunker.com\/embed\/O10qT0MBl7Y\" frameborder=\"0\" allow=\"accelerometer; clipboard-write; encrypted-media; gyroscope; picture-in-picture\" allowfullscreen=\"\" scrolling=\"no\"><\/iframe>\n\n\n\n<p class=\"has-vivid-cyan-blue-color has-text-color has-large-font-size\"><strong>Belgique &#8211; Dr David Bouillon<\/strong><\/p>\n\n\n\n<iframe width=\"160\" height=\"315\" src=\"https:\/\/crowdbunker.com\/embed\/yBMQTrcMrMT\" frameborder=\"0\" allow=\"accelerometer; clipboard-write; encrypted-media; gyroscope; picture-in-picture\" allowfullscreen=\"\" scrolling=\"no\"><\/iframe>\n\n\n\n<p><\/p>\n\n\n\n<p><\/p>\n<\/div><\/div>","protected":false},"excerpt":{"rendered":"<p>Lagard\u00e8re, Unit\u00e9 M\u00e9dico-Sociale asbl T\u00e9l: 0800 12 505 Les m\u00e9decins se mobilisent via Lagard\u00e8re, unit\u00e9 m\u00e9dico-sociale asbl Dr David Bouillon&#8230; <a href=\"https:\/\/covid19-a-savoir.net\/index.php\/belgique-une-solution-aux-medecins-qui-refusent-les-non-vaccines-ainsi-quaux-hopitaux\/\" class=\"readmore\">Read more<span class=\"screen-reader-text\">\u00ab\u00a0BELGIQUE\u00a0\u00bb &#8211;  Une solution aux m\u00e9decins qui refusent les non-vaccin\u00e9s ainsi qu&rsquo;aux h\u00f4pitaux<\/span><span class=\"fa fa-angle-double-right\" aria-hidden=\"true\"><\/span><\/a><\/p>\n","protected":false},"author":1,"featured_media":0,"parent":0,"menu_order":0,"comment_status":"closed","ping_status":"closed","template":"","meta":{"footnotes":""},"yoast_head":"<!-- This site is optimized with the Yoast SEO plugin v23.2 - https:\/\/yoast.com\/wordpress\/plugins\/seo\/ -->\n<title>&quot;BELGIQUE&quot; - Une solution aux m\u00e9decins qui refusent les non-vaccin\u00e9s ainsi qu&#039;aux h\u00f4pitaux - Actualit\u00e9s, , .... Apr\u00e8s la p\u00e9riode &quot;covid19&quot;<\/title>\n<meta name=\"robots\" content=\"index, follow, max-snippet:-1, max-image-preview:large, max-video-preview:-1\" \/>\n<link rel=\"canonical\" href=\"https:\/\/covid19-a-savoir.net\/index.php\/belgique-une-solution-aux-medecins-qui-refusent-les-non-vaccines-ainsi-quaux-hopitaux\/\" \/>\n<meta property=\"og:locale\" content=\"fr_FR\" \/>\n<meta property=\"og:type\" content=\"article\" \/>\n<meta property=\"og:title\" content=\"&quot;BELGIQUE&quot; - Une solution aux m\u00e9decins qui refusent les non-vaccin\u00e9s ainsi qu&#039;aux h\u00f4pitaux - Actualit\u00e9s, , .... Apr\u00e8s la p\u00e9riode &quot;covid19&quot;\" \/>\n<meta property=\"og:description\" content=\"Lagard\u00e8re, Unit\u00e9 M\u00e9dico-Sociale asbl T\u00e9l: 0800 12 505 Les m\u00e9decins se mobilisent via Lagard\u00e8re, unit\u00e9 m\u00e9dico-sociale asbl Dr David Bouillon... Read more\u00ab\u00a0BELGIQUE\u00a0\u00bb &#8211; Une solution aux m\u00e9decins qui refusent les non-vaccin\u00e9s ainsi qu&rsquo;aux h\u00f4pitaux\" \/>\n<meta property=\"og:url\" content=\"https:\/\/covid19-a-savoir.net\/index.php\/belgique-une-solution-aux-medecins-qui-refusent-les-non-vaccines-ainsi-quaux-hopitaux\/\" \/>\n<meta property=\"og:site_name\" content=\"Actualit\u00e9s, , .... Apr\u00e8s la p\u00e9riode &quot;covid19&quot;\" \/>\n<meta property=\"article:modified_time\" content=\"2021-12-28T23:32:02+00:00\" \/>\n<meta property=\"og:image\" content=\"https:\/\/covid19-a-savoir.net\/wp-content\/uploads\/2021\/12\/lagardere.jpg\" \/>\n<meta name=\"twitter:card\" content=\"summary_large_image\" \/>\n<script type=\"application\/ld+json\" class=\"yoast-schema-graph\">{\"@context\":\"https:\/\/schema.org\",\"@graph\":[{\"@type\":\"WebPage\",\"@id\":\"https:\/\/covid19-a-savoir.net\/index.php\/belgique-une-solution-aux-medecins-qui-refusent-les-non-vaccines-ainsi-quaux-hopitaux\/\",\"url\":\"https:\/\/covid19-a-savoir.net\/index.php\/belgique-une-solution-aux-medecins-qui-refusent-les-non-vaccines-ainsi-quaux-hopitaux\/\",\"name\":\"\\\"BELGIQUE\\\" - Une solution aux m\u00e9decins qui refusent les non-vaccin\u00e9s ainsi qu'aux h\u00f4pitaux - Actualit\u00e9s, , .... Apr\u00e8s la p\u00e9riode &quot;covid19&quot;\",\"isPartOf\":{\"@id\":\"https:\/\/covid19-a-savoir.net\/#website\"},\"primaryImageOfPage\":{\"@id\":\"https:\/\/covid19-a-savoir.net\/index.php\/belgique-une-solution-aux-medecins-qui-refusent-les-non-vaccines-ainsi-quaux-hopitaux\/#primaryimage\"},\"image\":{\"@id\":\"https:\/\/covid19-a-savoir.net\/index.php\/belgique-une-solution-aux-medecins-qui-refusent-les-non-vaccines-ainsi-quaux-hopitaux\/#primaryimage\"},\"thumbnailUrl\":\"https:\/\/covid19-a-savoir.net\/wp-content\/uploads\/2021\/12\/lagardere.jpg\",\"datePublished\":\"2021-12-28T20:09:36+00:00\",\"dateModified\":\"2021-12-28T23:32:02+00:00\",\"breadcrumb\":{\"@id\":\"https:\/\/covid19-a-savoir.net\/index.php\/belgique-une-solution-aux-medecins-qui-refusent-les-non-vaccines-ainsi-quaux-hopitaux\/#breadcrumb\"},\"inLanguage\":\"fr-FR\",\"potentialAction\":[{\"@type\":\"ReadAction\",\"target\":[\"https:\/\/covid19-a-savoir.net\/index.php\/belgique-une-solution-aux-medecins-qui-refusent-les-non-vaccines-ainsi-quaux-hopitaux\/\"]}]},{\"@type\":\"ImageObject\",\"inLanguage\":\"fr-FR\",\"@id\":\"https:\/\/covid19-a-savoir.net\/index.php\/belgique-une-solution-aux-medecins-qui-refusent-les-non-vaccines-ainsi-quaux-hopitaux\/#primaryimage\",\"url\":\"https:\/\/covid19-a-savoir.net\/wp-content\/uploads\/2021\/12\/lagardere.jpg\",\"contentUrl\":\"https:\/\/covid19-a-savoir.net\/wp-content\/uploads\/2021\/12\/lagardere.jpg\",\"width\":1024,\"height\":706},{\"@type\":\"BreadcrumbList\",\"@id\":\"https:\/\/covid19-a-savoir.net\/index.php\/belgique-une-solution-aux-medecins-qui-refusent-les-non-vaccines-ainsi-quaux-hopitaux\/#breadcrumb\",\"itemListElement\":[{\"@type\":\"ListItem\",\"position\":1,\"name\":\"Accueil\",\"item\":\"https:\/\/covid19-a-savoir.net\/\"},{\"@type\":\"ListItem\",\"position\":2,\"name\":\"&#8220;BELGIQUE&#8221; &#8211; Une solution aux m\u00e9decins qui refusent les non-vaccin\u00e9s ainsi qu&#8217;aux h\u00f4pitaux\"}]},{\"@type\":\"WebSite\",\"@id\":\"https:\/\/covid19-a-savoir.net\/#website\",\"url\":\"https:\/\/covid19-a-savoir.net\/\",\"name\":\"Actualit\u00e9s, , .... Apr\u00e8s la p\u00e9riode &quot;covid19&quot;\",\"description\":\"DES V\u00c9RIT\u00c9S QUI D\u00c9RANGENT\",\"publisher\":{\"@id\":\"https:\/\/covid19-a-savoir.net\/#\/schema\/person\/53265987e4424cc7dde2f857d2b378cf\"},\"potentialAction\":[{\"@type\":\"SearchAction\",\"target\":{\"@type\":\"EntryPoint\",\"urlTemplate\":\"https:\/\/covid19-a-savoir.net\/?s={search_term_string}\"},\"query-input\":\"required name=search_term_string\"}],\"inLanguage\":\"fr-FR\"},{\"@type\":[\"Person\",\"Organization\"],\"@id\":\"https:\/\/covid19-a-savoir.net\/#\/schema\/person\/53265987e4424cc7dde2f857d2b378cf\",\"name\":\"GS\",\"image\":{\"@type\":\"ImageObject\",\"inLanguage\":\"fr-FR\",\"@id\":\"https:\/\/covid19-a-savoir.net\/#\/schema\/person\/image\/\",\"url\":\"https:\/\/covid19-a-savoir.net\/wp-content\/uploads\/2022\/07\/dans-ce-monde-312x312-1.png\",\"contentUrl\":\"https:\/\/covid19-a-savoir.net\/wp-content\/uploads\/2022\/07\/dans-ce-monde-312x312-1.png\",\"width\":312,\"height\":312,\"caption\":\"GS\"},\"logo\":{\"@id\":\"https:\/\/covid19-a-savoir.net\/#\/schema\/person\/image\/\"},\"sameAs\":[\"http:\/\/covid19-a-savoir.net\"]}]}<\/script>\n<!-- \/ Yoast SEO plugin. -->","yoast_head_json":{"title":"\"BELGIQUE\" - Une solution aux m\u00e9decins qui refusent les non-vaccin\u00e9s ainsi qu'aux h\u00f4pitaux - Actualit\u00e9s, , .... Apr\u00e8s la p\u00e9riode &quot;covid19&quot;","robots":{"index":"index","follow":"follow","max-snippet":"max-snippet:-1","max-image-preview":"max-image-preview:large","max-video-preview":"max-video-preview:-1"},"canonical":"https:\/\/covid19-a-savoir.net\/index.php\/belgique-une-solution-aux-medecins-qui-refusent-les-non-vaccines-ainsi-quaux-hopitaux\/","og_locale":"fr_FR","og_type":"article","og_title":"\"BELGIQUE\" - Une solution aux m\u00e9decins qui refusent les non-vaccin\u00e9s ainsi qu'aux h\u00f4pitaux - Actualit\u00e9s, , .... Apr\u00e8s la p\u00e9riode &quot;covid19&quot;","og_description":"Lagard\u00e8re, Unit\u00e9 M\u00e9dico-Sociale asbl T\u00e9l: 0800 12 505 Les m\u00e9decins se mobilisent via Lagard\u00e8re, unit\u00e9 m\u00e9dico-sociale asbl Dr David Bouillon... Read more\u00ab\u00a0BELGIQUE\u00a0\u00bb &#8211; Une solution aux m\u00e9decins qui refusent les non-vaccin\u00e9s ainsi qu&rsquo;aux h\u00f4pitaux","og_url":"https:\/\/covid19-a-savoir.net\/index.php\/belgique-une-solution-aux-medecins-qui-refusent-les-non-vaccines-ainsi-quaux-hopitaux\/","og_site_name":"Actualit\u00e9s, , .... Apr\u00e8s la p\u00e9riode &quot;covid19&quot;","article_modified_time":"2021-12-28T23:32:02+00:00","og_image":[{"url":"https:\/\/covid19-a-savoir.net\/wp-content\/uploads\/2021\/12\/lagardere.jpg"}],"twitter_card":"summary_large_image","schema":{"@context":"https:\/\/schema.org","@graph":[{"@type":"WebPage","@id":"https:\/\/covid19-a-savoir.net\/index.php\/belgique-une-solution-aux-medecins-qui-refusent-les-non-vaccines-ainsi-quaux-hopitaux\/","url":"https:\/\/covid19-a-savoir.net\/index.php\/belgique-une-solution-aux-medecins-qui-refusent-les-non-vaccines-ainsi-quaux-hopitaux\/","name":"\"BELGIQUE\" - Une solution aux m\u00e9decins qui refusent les non-vaccin\u00e9s ainsi qu'aux h\u00f4pitaux - Actualit\u00e9s, , .... Apr\u00e8s la p\u00e9riode &quot;covid19&quot;","isPartOf":{"@id":"https:\/\/covid19-a-savoir.net\/#website"},"primaryImageOfPage":{"@id":"https:\/\/covid19-a-savoir.net\/index.php\/belgique-une-solution-aux-medecins-qui-refusent-les-non-vaccines-ainsi-quaux-hopitaux\/#primaryimage"},"image":{"@id":"https:\/\/covid19-a-savoir.net\/index.php\/belgique-une-solution-aux-medecins-qui-refusent-les-non-vaccines-ainsi-quaux-hopitaux\/#primaryimage"},"thumbnailUrl":"https:\/\/covid19-a-savoir.net\/wp-content\/uploads\/2021\/12\/lagardere.jpg","datePublished":"2021-12-28T20:09:36+00:00","dateModified":"2021-12-28T23:32:02+00:00","breadcrumb":{"@id":"https:\/\/covid19-a-savoir.net\/index.php\/belgique-une-solution-aux-medecins-qui-refusent-les-non-vaccines-ainsi-quaux-hopitaux\/#breadcrumb"},"inLanguage":"fr-FR","potentialAction":[{"@type":"ReadAction","target":["https:\/\/covid19-a-savoir.net\/index.php\/belgique-une-solution-aux-medecins-qui-refusent-les-non-vaccines-ainsi-quaux-hopitaux\/"]}]},{"@type":"ImageObject","inLanguage":"fr-FR","@id":"https:\/\/covid19-a-savoir.net\/index.php\/belgique-une-solution-aux-medecins-qui-refusent-les-non-vaccines-ainsi-quaux-hopitaux\/#primaryimage","url":"https:\/\/covid19-a-savoir.net\/wp-content\/uploads\/2021\/12\/lagardere.jpg","contentUrl":"https:\/\/covid19-a-savoir.net\/wp-content\/uploads\/2021\/12\/lagardere.jpg","width":1024,"height":706},{"@type":"BreadcrumbList","@id":"https:\/\/covid19-a-savoir.net\/index.php\/belgique-une-solution-aux-medecins-qui-refusent-les-non-vaccines-ainsi-quaux-hopitaux\/#breadcrumb","itemListElement":[{"@type":"ListItem","position":1,"name":"Accueil","item":"https:\/\/covid19-a-savoir.net\/"},{"@type":"ListItem","position":2,"name":"&#8220;BELGIQUE&#8221; &#8211; Une solution aux m\u00e9decins qui refusent les non-vaccin\u00e9s ainsi qu&#8217;aux h\u00f4pitaux"}]},{"@type":"WebSite","@id":"https:\/\/covid19-a-savoir.net\/#website","url":"https:\/\/covid19-a-savoir.net\/","name":"Actualit\u00e9s, , .... Apr\u00e8s la p\u00e9riode &quot;covid19&quot;","description":"DES V\u00c9RIT\u00c9S QUI D\u00c9RANGENT","publisher":{"@id":"https:\/\/covid19-a-savoir.net\/#\/schema\/person\/53265987e4424cc7dde2f857d2b378cf"},"potentialAction":[{"@type":"SearchAction","target":{"@type":"EntryPoint","urlTemplate":"https:\/\/covid19-a-savoir.net\/?s={search_term_string}"},"query-input":"required name=search_term_string"}],"inLanguage":"fr-FR"},{"@type":["Person","Organization"],"@id":"https:\/\/covid19-a-savoir.net\/#\/schema\/person\/53265987e4424cc7dde2f857d2b378cf","name":"GS","image":{"@type":"ImageObject","inLanguage":"fr-FR","@id":"https:\/\/covid19-a-savoir.net\/#\/schema\/person\/image\/","url":"https:\/\/covid19-a-savoir.net\/wp-content\/uploads\/2022\/07\/dans-ce-monde-312x312-1.png","contentUrl":"https:\/\/covid19-a-savoir.net\/wp-content\/uploads\/2022\/07\/dans-ce-monde-312x312-1.png","width":312,"height":312,"caption":"GS"},"logo":{"@id":"https:\/\/covid19-a-savoir.net\/#\/schema\/person\/image\/"},"sameAs":["http:\/\/covid19-a-savoir.net"]}]}},"jetpack_sharing_enabled":true,"_links":{"self":[{"href":"https:\/\/covid19-a-savoir.net\/index.php\/wp-json\/wp\/v2\/pages\/763"}],"collection":[{"href":"https:\/\/covid19-a-savoir.net\/index.php\/wp-json\/wp\/v2\/pages"}],"about":[{"href":"https:\/\/covid19-a-savoir.net\/index.php\/wp-json\/wp\/v2\/types\/page"}],"author":[{"embeddable":true,"href":"https:\/\/covid19-a-savoir.net\/index.php\/wp-json\/wp\/v2\/users\/1"}],"replies":[{"embeddable":true,"href":"https:\/\/covid19-a-savoir.net\/index.php\/wp-json\/wp\/v2\/comments?post=763"}],"version-history":[{"count":6,"href":"https:\/\/covid19-a-savoir.net\/index.php\/wp-json\/wp\/v2\/pages\/763\/revisions"}],"predecessor-version":[{"id":779,"href":"https:\/\/covid19-a-savoir.net\/index.php\/wp-json\/wp\/v2\/pages\/763\/revisions\/779"}],"wp:attachment":[{"href":"https:\/\/covid19-a-savoir.net\/index.php\/wp-json\/wp\/v2\/media?parent=763"}],"curies":[{"name":"wp","href":"https:\/\/api.w.org\/{rel}","templated":true}]}}