{"id":3274,"date":"2025-01-10T16:19:58","date_gmt":"2025-01-10T16:19:58","guid":{"rendered":"https:\/\/covid19-a-savoir.net\/?page_id=3274"},"modified":"2025-01-10T16:19:58","modified_gmt":"2025-01-10T16:19:58","slug":"jai-decouvert-la-face-cachee-de-la-celebrite","status":"publish","type":"page","link":"https:\/\/covid19-a-savoir.net\/index.php\/jai-decouvert-la-face-cachee-de-la-celebrite\/","title":{"rendered":"J&rsquo;ai d\u00e9couvert la face cach\u00e9e de la c\u00e9l\u00e9brit\u00e9"},"content":{"rendered":"<div id=\"dslc-theme-content\"><div id=\"dslc-theme-content-inner\">\n<h3 class=\"wp-block-heading\">Introduction<\/h3>\n\n\n\n<p>Les c\u00e9l\u00e9brit\u00e9s vivent sous une lumi\u00e8re \u00e9clatante, admir\u00e9es par des millions de personnes \u00e0 travers le monde. Pourtant, derri\u00e8re les paillettes et les sourires fig\u00e9s des tapis rouges, se cache une r\u00e9alit\u00e9 souvent bien plus sombre. Le prix de la c\u00e9l\u00e9brit\u00e9 n&rsquo;est pas seulement pay\u00e9 en argent et en succ\u00e8s, mais aussi en sacrifices personnels, en solitude et en pressions incessantes. Bien que de nombreuses personnes r\u00eavent d&rsquo;une vie sous les projecteurs, la r\u00e9alit\u00e9 de cette vie est bien plus complexe et difficile qu&rsquo;elle n&rsquo;en a l&rsquo;air.<\/p>\n\n\n\n<h3 class=\"wp-block-heading\">1. <strong>L&rsquo;isolement : Un monde de solitude<\/strong><\/h3>\n\n\n\n<p>La c\u00e9l\u00e9brit\u00e9 peut paradoxalement \u00eatre source de grande solitude. Bien qu&rsquo;entour\u00e9es de fans, de journalistes et de coll\u00e8gues, les c\u00e9l\u00e9brit\u00e9s peuvent se retrouver isol\u00e9es dans un monde o\u00f9 elles ne peuvent plus distinguer les personnes sinc\u00e8res des personnes int\u00e9ress\u00e9es. Les relations authentiques deviennent de plus en plus rares, et les amis r\u00e9els sont souvent submerg\u00e9s par les obligations professionnelles et l&rsquo;agenda surcharg\u00e9 de la star. De plus, la difficult\u00e9 de maintenir une vie priv\u00e9e intacte peut rendre les c\u00e9l\u00e9brit\u00e9s m\u00e9fiantes et \u00e9loign\u00e9es des autres.<\/p>\n\n\n\n<h3 class=\"wp-block-heading\">2. <strong>La pression m\u00e9diatique : Le poids des attentes<\/strong><\/h3>\n\n\n\n<p>Les m\u00e9dias, qu&rsquo;ils soient traditionnels ou num\u00e9riques, sont constamment \u00e0 l&rsquo;aff\u00fbt du moindre faux pas d&rsquo;une c\u00e9l\u00e9brit\u00e9. Les stars vivent dans un environnement o\u00f9 chaque geste, chaque parole, chaque photo est scrut\u00e9, jug\u00e9, et souvent interpr\u00e9t\u00e9 au-del\u00e0 de ce qui est r\u00e9ellement dit ou fait. Cette pression constante peut engendrer une immense anxi\u00e9t\u00e9, affecter la sant\u00e9 mentale et cr\u00e9er une image publique souvent d\u00e9form\u00e9e. Les paparazzis, la gestion des rumeurs et la recherche constante de scandales deviennent une r\u00e9alit\u00e9 quotidienne. Cette pression est d&rsquo;autant plus intense lorsque la c\u00e9l\u00e9brit\u00e9 doit pr\u00e9server une image parfaite et irr\u00e9prochable aux yeux du public.<\/p>\n\n\n\n<h3 class=\"wp-block-heading\">3. <strong>Les dilemmes personnels : Choisir entre soi et le public<\/strong><\/h3>\n\n\n\n<p>Les c\u00e9l\u00e9brit\u00e9s sont souvent prises entre le besoin de satisfaire les attentes de leurs fans, de leur \u00e9quipe de travail, et de leurs proches, tout en restant fid\u00e8les \u00e0 leurs propres valeurs et besoins. Les d\u00e9cisions de carri\u00e8re, les choix personnels et les relations familiales sont r\u00e9guli\u00e8rement influenc\u00e9s par le regard du public. Beaucoup de c\u00e9l\u00e9brit\u00e9s se voient oblig\u00e9es de jouer un r\u00f4le, de masquer leurs v\u00e9ritables sentiments et de s&rsquo;adapter \u00e0 une image pr\u00e9fabriqu\u00e9e, ce qui peut les mener \u00e0 un profond malaise int\u00e9rieur. Le dilemme entre \u00eatre soi-m\u00eame et r\u00e9pondre aux attentes ext\u00e9rieures est une lutte constante pour beaucoup d&rsquo;entre elles.<\/p>\n\n\n\n<h3 class=\"wp-block-heading\">4. <strong>Les sacrifices personnels : Perdre une vie normale<\/strong><\/h3>\n\n\n\n<p>Devenir c\u00e9l\u00e8bre signifie souvent renoncer \u00e0 une vie \u00ab\u00a0normale\u00a0\u00bb. Les c\u00e9l\u00e9brit\u00e9s sacrifient souvent leurs relations personnelles, leurs moments de tranquillit\u00e9 et m\u00eame leur s\u00e9curit\u00e9 pour poursuivre leur carri\u00e8re. La c\u00e9l\u00e9brit\u00e9 peut aussi \u00eatre source de stress financier, en raison des contrats impos\u00e9s, des engagements commerciaux ou des attentes incessantes. De nombreux aspects de la vie, tels que la famille, les amis proches, et la sant\u00e9 mentale, peuvent \u00eatre rel\u00e9gu\u00e9s au second plan \u00e0 mesure que la c\u00e9l\u00e9brit\u00e9 prend le devant de la sc\u00e8ne.<\/p>\n\n\n\n<h3 class=\"wp-block-heading\">5. <strong>Les failles invisibles : Le burn-out et la sant\u00e9 mentale<\/strong><\/h3>\n\n\n\n<p>La pression intense qui accompagne la c\u00e9l\u00e9brit\u00e9 peut avoir des cons\u00e9quences dramatiques sur la sant\u00e9 mentale. Les troubles tels que l\u2019anxi\u00e9t\u00e9, la d\u00e9pression et l&rsquo;\u00e9puisement professionnel (burn-out) sont fr\u00e9quents parmi les c\u00e9l\u00e9brit\u00e9s, souvent exacerb\u00e9s par le manque de soutien et la crainte de montrer une vuln\u00e9rabilit\u00e9. Les c\u00e9l\u00e9brit\u00e9s sont \u00e9galement expos\u00e9es \u00e0 des critiques constantes, des commentaires n\u00e9gatifs sur leur apparence, leurs talents ou leur personnalit\u00e9, ce qui peut engendrer une perte de confiance en soi. Le manque d&rsquo;intimit\u00e9 et la difficult\u00e9 \u00e0 se confier \u00e0 des proches \u00e0 cause de la m\u00e9diatisation rendent souvent les c\u00e9l\u00e9brit\u00e9s plus vuln\u00e9rables.<\/p>\n\n\n\n<h3 class=\"wp-block-heading\">Conclusion<\/h3>\n\n\n\n<p>Si la c\u00e9l\u00e9brit\u00e9 offre de nombreux avantages mat\u00e9riels et sociaux, elle est loin d&rsquo;\u00eatre aussi brillante et enviable qu&rsquo;elle semble \u00e0 premi\u00e8re vue. Les sacrifices personnels, l&rsquo;isolement, la pression m\u00e9diatique et les dilemmes int\u00e9rieurs qu&rsquo;ils engendrent peuvent mener \u00e0 une vie \u00e9motionnellement \u00e9puisante et psychologiquement difficile. Derri\u00e8re le glamour, les c\u00e9l\u00e9brit\u00e9s sont souvent confront\u00e9es \u00e0 des r\u00e9alit\u00e9s humaines qui les \u00e9loignent de l\u2019image parfaite v\u00e9hicul\u00e9e par les m\u00e9dias. Il est essentiel de se rappeler que, tout comme tout le monde, les c\u00e9l\u00e9brit\u00e9s ont leurs propres luttes int\u00e9rieures et leurs failles invisibles.<\/p>\n<\/div><\/div>","protected":false},"excerpt":{"rendered":"<p>Introduction Les c\u00e9l\u00e9brit\u00e9s vivent sous une lumi\u00e8re \u00e9clatante, admir\u00e9es par des millions de personnes \u00e0 travers le monde. Pourtant, derri\u00e8re&#8230; <a href=\"https:\/\/covid19-a-savoir.net\/index.php\/jai-decouvert-la-face-cachee-de-la-celebrite\/\" class=\"readmore\">Read more<span class=\"screen-reader-text\">J&rsquo;ai d\u00e9couvert la face cach\u00e9e de la c\u00e9l\u00e9brit\u00e9<\/span><span class=\"fa fa-angle-double-right\" aria-hidden=\"true\"><\/span><\/a><\/p>\n","protected":false},"author":1,"featured_media":0,"parent":0,"menu_order":0,"comment_status":"closed","ping_status":"closed","template":"","meta":{"footnotes":""},"yoast_head":"<!-- This site is optimized with the Yoast SEO plugin v23.2 - https:\/\/yoast.com\/wordpress\/plugins\/seo\/ -->\n<title>J&#039;ai d\u00e9couvert la face cach\u00e9e de la c\u00e9l\u00e9brit\u00e9 - Actualit\u00e9s, , .... Apr\u00e8s la p\u00e9riode &quot;covid19&quot;<\/title>\n<meta name=\"robots\" content=\"index, follow, max-snippet:-1, max-image-preview:large, max-video-preview:-1\" \/>\n<link rel=\"canonical\" href=\"https:\/\/covid19-a-savoir.net\/index.php\/jai-decouvert-la-face-cachee-de-la-celebrite\/\" \/>\n<meta property=\"og:locale\" content=\"fr_FR\" \/>\n<meta property=\"og:type\" content=\"article\" \/>\n<meta property=\"og:title\" content=\"J&#039;ai d\u00e9couvert la face cach\u00e9e de la c\u00e9l\u00e9brit\u00e9 - Actualit\u00e9s, , .... Apr\u00e8s la p\u00e9riode &quot;covid19&quot;\" \/>\n<meta property=\"og:description\" content=\"Introduction Les c\u00e9l\u00e9brit\u00e9s vivent sous une lumi\u00e8re \u00e9clatante, admir\u00e9es par des millions de personnes \u00e0 travers le monde. Pourtant, derri\u00e8re... Read moreJ&rsquo;ai d\u00e9couvert la face cach\u00e9e de la c\u00e9l\u00e9brit\u00e9\" \/>\n<meta property=\"og:url\" content=\"https:\/\/covid19-a-savoir.net\/index.php\/jai-decouvert-la-face-cachee-de-la-celebrite\/\" \/>\n<meta property=\"og:site_name\" content=\"Actualit\u00e9s, , .... Apr\u00e8s la p\u00e9riode &quot;covid19&quot;\" \/>\n<meta name=\"twitter:card\" content=\"summary_large_image\" \/>\n<meta name=\"twitter:label1\" content=\"Dur\u00e9e de lecture estim\u00e9e\" \/>\n\t<meta name=\"twitter:data1\" content=\"4 minutes\" \/>\n<script type=\"application\/ld+json\" class=\"yoast-schema-graph\">{\"@context\":\"https:\/\/schema.org\",\"@graph\":[{\"@type\":\"WebPage\",\"@id\":\"https:\/\/covid19-a-savoir.net\/index.php\/jai-decouvert-la-face-cachee-de-la-celebrite\/\",\"url\":\"https:\/\/covid19-a-savoir.net\/index.php\/jai-decouvert-la-face-cachee-de-la-celebrite\/\",\"name\":\"J'ai d\u00e9couvert la face cach\u00e9e de la c\u00e9l\u00e9brit\u00e9 - Actualit\u00e9s, , .... Apr\u00e8s la p\u00e9riode &quot;covid19&quot;\",\"isPartOf\":{\"@id\":\"https:\/\/covid19-a-savoir.net\/#website\"},\"datePublished\":\"2025-01-10T16:19:58+00:00\",\"dateModified\":\"2025-01-10T16:19:58+00:00\",\"breadcrumb\":{\"@id\":\"https:\/\/covid19-a-savoir.net\/index.php\/jai-decouvert-la-face-cachee-de-la-celebrite\/#breadcrumb\"},\"inLanguage\":\"fr-FR\",\"potentialAction\":[{\"@type\":\"ReadAction\",\"target\":[\"https:\/\/covid19-a-savoir.net\/index.php\/jai-decouvert-la-face-cachee-de-la-celebrite\/\"]}]},{\"@type\":\"BreadcrumbList\",\"@id\":\"https:\/\/covid19-a-savoir.net\/index.php\/jai-decouvert-la-face-cachee-de-la-celebrite\/#breadcrumb\",\"itemListElement\":[{\"@type\":\"ListItem\",\"position\":1,\"name\":\"Accueil\",\"item\":\"https:\/\/covid19-a-savoir.net\/\"},{\"@type\":\"ListItem\",\"position\":2,\"name\":\"J&rsquo;ai d\u00e9couvert la face cach\u00e9e de la c\u00e9l\u00e9brit\u00e9\"}]},{\"@type\":\"WebSite\",\"@id\":\"https:\/\/covid19-a-savoir.net\/#website\",\"url\":\"https:\/\/covid19-a-savoir.net\/\",\"name\":\"Actualit\u00e9s, , .... Apr\u00e8s la p\u00e9riode &quot;covid19&quot;\",\"description\":\"DES V\u00c9RIT\u00c9S QUI D\u00c9RANGENT\",\"publisher\":{\"@id\":\"https:\/\/covid19-a-savoir.net\/#\/schema\/person\/53265987e4424cc7dde2f857d2b378cf\"},\"potentialAction\":[{\"@type\":\"SearchAction\",\"target\":{\"@type\":\"EntryPoint\",\"urlTemplate\":\"https:\/\/covid19-a-savoir.net\/?s={search_term_string}\"},\"query-input\":\"required name=search_term_string\"}],\"inLanguage\":\"fr-FR\"},{\"@type\":[\"Person\",\"Organization\"],\"@id\":\"https:\/\/covid19-a-savoir.net\/#\/schema\/person\/53265987e4424cc7dde2f857d2b378cf\",\"name\":\"GS\",\"image\":{\"@type\":\"ImageObject\",\"inLanguage\":\"fr-FR\",\"@id\":\"https:\/\/covid19-a-savoir.net\/#\/schema\/person\/image\/\",\"url\":\"https:\/\/covid19-a-savoir.net\/wp-content\/uploads\/2022\/07\/dans-ce-monde-312x312-1.png\",\"contentUrl\":\"https:\/\/covid19-a-savoir.net\/wp-content\/uploads\/2022\/07\/dans-ce-monde-312x312-1.png\",\"width\":312,\"height\":312,\"caption\":\"GS\"},\"logo\":{\"@id\":\"https:\/\/covid19-a-savoir.net\/#\/schema\/person\/image\/\"},\"sameAs\":[\"http:\/\/covid19-a-savoir.net\"]}]}<\/script>\n<!-- \/ Yoast SEO plugin. -->","yoast_head_json":{"title":"J'ai d\u00e9couvert la face cach\u00e9e de la c\u00e9l\u00e9brit\u00e9 - Actualit\u00e9s, , .... Apr\u00e8s la p\u00e9riode &quot;covid19&quot;","robots":{"index":"index","follow":"follow","max-snippet":"max-snippet:-1","max-image-preview":"max-image-preview:large","max-video-preview":"max-video-preview:-1"},"canonical":"https:\/\/covid19-a-savoir.net\/index.php\/jai-decouvert-la-face-cachee-de-la-celebrite\/","og_locale":"fr_FR","og_type":"article","og_title":"J'ai d\u00e9couvert la face cach\u00e9e de la c\u00e9l\u00e9brit\u00e9 - Actualit\u00e9s, , .... Apr\u00e8s la p\u00e9riode &quot;covid19&quot;","og_description":"Introduction Les c\u00e9l\u00e9brit\u00e9s vivent sous une lumi\u00e8re \u00e9clatante, admir\u00e9es par des millions de personnes \u00e0 travers le monde. Pourtant, derri\u00e8re... Read moreJ&rsquo;ai d\u00e9couvert la face cach\u00e9e de la c\u00e9l\u00e9brit\u00e9","og_url":"https:\/\/covid19-a-savoir.net\/index.php\/jai-decouvert-la-face-cachee-de-la-celebrite\/","og_site_name":"Actualit\u00e9s, , .... Apr\u00e8s la p\u00e9riode &quot;covid19&quot;","twitter_card":"summary_large_image","twitter_misc":{"Dur\u00e9e de lecture estim\u00e9e":"4 minutes"},"schema":{"@context":"https:\/\/schema.org","@graph":[{"@type":"WebPage","@id":"https:\/\/covid19-a-savoir.net\/index.php\/jai-decouvert-la-face-cachee-de-la-celebrite\/","url":"https:\/\/covid19-a-savoir.net\/index.php\/jai-decouvert-la-face-cachee-de-la-celebrite\/","name":"J'ai d\u00e9couvert la face cach\u00e9e de la c\u00e9l\u00e9brit\u00e9 - Actualit\u00e9s, , .... Apr\u00e8s la p\u00e9riode &quot;covid19&quot;","isPartOf":{"@id":"https:\/\/covid19-a-savoir.net\/#website"},"datePublished":"2025-01-10T16:19:58+00:00","dateModified":"2025-01-10T16:19:58+00:00","breadcrumb":{"@id":"https:\/\/covid19-a-savoir.net\/index.php\/jai-decouvert-la-face-cachee-de-la-celebrite\/#breadcrumb"},"inLanguage":"fr-FR","potentialAction":[{"@type":"ReadAction","target":["https:\/\/covid19-a-savoir.net\/index.php\/jai-decouvert-la-face-cachee-de-la-celebrite\/"]}]},{"@type":"BreadcrumbList","@id":"https:\/\/covid19-a-savoir.net\/index.php\/jai-decouvert-la-face-cachee-de-la-celebrite\/#breadcrumb","itemListElement":[{"@type":"ListItem","position":1,"name":"Accueil","item":"https:\/\/covid19-a-savoir.net\/"},{"@type":"ListItem","position":2,"name":"J&rsquo;ai d\u00e9couvert la face cach\u00e9e de la c\u00e9l\u00e9brit\u00e9"}]},{"@type":"WebSite","@id":"https:\/\/covid19-a-savoir.net\/#website","url":"https:\/\/covid19-a-savoir.net\/","name":"Actualit\u00e9s, , .... Apr\u00e8s la p\u00e9riode &quot;covid19&quot;","description":"DES V\u00c9RIT\u00c9S QUI D\u00c9RANGENT","publisher":{"@id":"https:\/\/covid19-a-savoir.net\/#\/schema\/person\/53265987e4424cc7dde2f857d2b378cf"},"potentialAction":[{"@type":"SearchAction","target":{"@type":"EntryPoint","urlTemplate":"https:\/\/covid19-a-savoir.net\/?s={search_term_string}"},"query-input":"required name=search_term_string"}],"inLanguage":"fr-FR"},{"@type":["Person","Organization"],"@id":"https:\/\/covid19-a-savoir.net\/#\/schema\/person\/53265987e4424cc7dde2f857d2b378cf","name":"GS","image":{"@type":"ImageObject","inLanguage":"fr-FR","@id":"https:\/\/covid19-a-savoir.net\/#\/schema\/person\/image\/","url":"https:\/\/covid19-a-savoir.net\/wp-content\/uploads\/2022\/07\/dans-ce-monde-312x312-1.png","contentUrl":"https:\/\/covid19-a-savoir.net\/wp-content\/uploads\/2022\/07\/dans-ce-monde-312x312-1.png","width":312,"height":312,"caption":"GS"},"logo":{"@id":"https:\/\/covid19-a-savoir.net\/#\/schema\/person\/image\/"},"sameAs":["http:\/\/covid19-a-savoir.net"]}]}},"jetpack_sharing_enabled":true,"_links":{"self":[{"href":"https:\/\/covid19-a-savoir.net\/index.php\/wp-json\/wp\/v2\/pages\/3274"}],"collection":[{"href":"https:\/\/covid19-a-savoir.net\/index.php\/wp-json\/wp\/v2\/pages"}],"about":[{"href":"https:\/\/covid19-a-savoir.net\/index.php\/wp-json\/wp\/v2\/types\/page"}],"author":[{"embeddable":true,"href":"https:\/\/covid19-a-savoir.net\/index.php\/wp-json\/wp\/v2\/users\/1"}],"replies":[{"embeddable":true,"href":"https:\/\/covid19-a-savoir.net\/index.php\/wp-json\/wp\/v2\/comments?post=3274"}],"version-history":[{"count":1,"href":"https:\/\/covid19-a-savoir.net\/index.php\/wp-json\/wp\/v2\/pages\/3274\/revisions"}],"predecessor-version":[{"id":3276,"href":"https:\/\/covid19-a-savoir.net\/index.php\/wp-json\/wp\/v2\/pages\/3274\/revisions\/3276"}],"wp:attachment":[{"href":"https:\/\/covid19-a-savoir.net\/index.php\/wp-json\/wp\/v2\/media?parent=3274"}],"curies":[{"name":"wp","href":"https:\/\/api.w.org\/{rel}","templated":true}]}}