{"id":1825,"date":"2022-10-10T07:21:26","date_gmt":"2022-10-10T07:21:26","guid":{"rendered":"https:\/\/covid19-a-savoir.net\/?page_id=1825"},"modified":"2023-02-22T09:57:20","modified_gmt":"2023-02-22T09:57:20","slug":"faire-face-a-la-depression","status":"publish","type":"page","link":"https:\/\/covid19-a-savoir.net\/index.php\/faire-face-a-la-depression\/","title":{"rendered":"Faire face \u00e0 la d\u00e9pression"},"content":{"rendered":"<div id=\"dslc-theme-content\"><div id=\"dslc-theme-content-inner\">\n<figure class=\"wp-block-audio\"><audio controls src=\"https:\/\/covid19-a-savoir.net\/wp-content\/uploads\/2023\/02\/Faire-face-a-la-depression-cov19.mp3\"><\/audio><figcaption>Faire face \u00e0 la d\u00e9pression-cov19<\/figcaption><\/figure>\n\n\n\n<p>La d\u00e9pression est une maladie mentale courante qui peut affecter tous les aspects de la vie d&rsquo;une personne. Elle peut causer une grande souffrance et rendre les t\u00e2ches quotidiennes difficiles \u00e0 accomplir. Cependant, il est possible de faire face \u00e0 la d\u00e9pression et de retrouver un sentiment de bien-\u00eatre. Voici quelques \u00e9tapes cl\u00e9s pour faire face \u00e0 la d\u00e9pression :<\/p>\n\n\n\n<ol><li>Reconna\u00eetre la d\u00e9pression : La premi\u00e8re \u00e9tape pour faire face \u00e0 la d\u00e9pression est de reconna\u00eetre que vous en souffrez. Si vous ressentez une tristesse profonde, un manque d&rsquo;int\u00e9r\u00eat pour les activit\u00e9s que vous aimiez autrefois, une perte d&rsquo;\u00e9nergie et des difficult\u00e9s \u00e0 dormir ou \u00e0 manger, il est possible que vous souffriez de d\u00e9pression. Parlez \u00e0 votre m\u00e9decin ou \u00e0 un professionnel de sant\u00e9 mentale pour obtenir un diagnostic et un traitement.<\/li><li>Demander de l&rsquo;aide : Il est important de demander de l&rsquo;aide si vous souffrez de d\u00e9pression. Parlez \u00e0 votre famille et \u00e0 vos amis de ce que vous ressentez et demandez leur soutien. Vous pouvez \u00e9galement consulter un professionnel de sant\u00e9 mentale pour obtenir un traitement et un soutien suppl\u00e9mentaire.<\/li><li>Adopter un mode de vie sain : Le mode de vie peut affecter la d\u00e9pression. Il est important d&rsquo;adopter un mode de vie sain en mangeant des aliments sains, en faisant de l&rsquo;exercice r\u00e9guli\u00e8rement, en dormant suffisamment et en \u00e9vitant les substances nocives comme l&rsquo;alcool et la drogue.<\/li><li>Pratiquer la relaxation : La relaxation peut aider \u00e0 r\u00e9duire l&rsquo;anxi\u00e9t\u00e9 et la d\u00e9pression. Vous pouvez pratiquer la m\u00e9ditation, la respiration profonde, le yoga ou d&rsquo;autres techniques de relaxation pour vous aider \u00e0 vous sentir mieux.<\/li><li>Suivre un traitement : Le traitement de la d\u00e9pression peut impliquer une combinaison de m\u00e9dicaments et de psychoth\u00e9rapie. Il est important de suivre le traitement prescrit par votre m\u00e9decin ou votre professionnel de sant\u00e9 mentale pour r\u00e9duire les sympt\u00f4mes de la d\u00e9pression.<\/li><li>\u00c9viter l&rsquo;isolement : Il est important de rester en contact avec les autres et d&rsquo;\u00e9viter l&rsquo;isolement. Sortez et voyez des amis, participez \u00e0 des activit\u00e9s sociales et restez en contact avec les personnes qui vous soutiennent.<\/li><\/ol>\n\n\n\n<p>Faire face \u00e0 la d\u00e9pression peut \u00eatre difficile, mais il est possible de r\u00e9cup\u00e9rer et de retrouver un sentiment de bien-\u00eatre. Il est important de demander de l&rsquo;aide, de pratiquer un mode de vie sain, de suivre un traitement et de rester en contact avec les autres pour faire face \u00e0 la d\u00e9pression.<\/p>\n\n\n\n<p>Ma femme est de\u0301pressive : 3 ERREURS qui m\u00e8neront a\u0300 la rupture !<\/p>\n\n\n\n<p>..<\/p>\n\n\n\n<p>Comment sortir de la D\u00e9prime ?<\/p>\n\n\n\n<p>COURS DEPRESSION : Comment soigner la neuroinflammation dans les maladies mentales?<\/p>\n\n\n\n<p>Psychologie &#8211; La d\u00e9pression<\/p>\n\n\n\n<div class=\"wp-block-columns is-layout-flex wp-container-core-columns-is-layout-1 wp-block-columns-is-layout-flex\">\n<div class=\"wp-block-column is-layout-flow wp-block-column-is-layout-flow\">\n<iframe width=\"260\" height=\"115\" src=\"https:\/\/www.youtube.com\/embed\/KXII8-k-DJ8\" title=\"YouTube video player\" frameborder=\"0\" allow=\"accelerometer; autoplay; clipboard-write; encrypted-media; gyroscope; picture-in-picture\" allowfullscreen=\"\"><\/iframe>\n<\/div>\n\n\n\n<div class=\"wp-block-column is-layout-flow wp-block-column-is-layout-flow\">\n<iframe width=\"260\" height=\"115\" src=\"https:\/\/www.youtube.com\/embed\/ZtVjYZVkMVY\" title=\"YouTube video player\" frameborder=\"0\" allow=\"accelerometer; autoplay; clipboard-write; encrypted-media; gyroscope; picture-in-picture\" allowfullscreen=\"\"><\/iframe>\n<\/div>\n\n\n\n<div class=\"wp-block-column is-layout-flow wp-block-column-is-layout-flow\">\n<iframe width=\"260\" height=\"115\" src=\"https:\/\/www.youtube.com\/embed\/VKoxTAEcYG8\" title=\"YouTube video player\" frameborder=\"0\" allow=\"accelerometer; autoplay; clipboard-write; encrypted-media; gyroscope; picture-in-picture\" allowfullscreen=\"\"><\/iframe>\n<\/div>\n<\/div>\n\n\n\n<div class=\"wp-block-columns is-layout-flex wp-container-core-columns-is-layout-2 wp-block-columns-is-layout-flex\">\n<div class=\"wp-block-column is-layout-flow wp-block-column-is-layout-flow\">\n<iframe width=\"260\" height=\"115\" src=\"https:\/\/www.youtube.com\/embed\/pUEEeJ1OVLg\" title=\"YouTube video player\" frameborder=\"0\" allow=\"accelerometer; autoplay; clipboard-write; encrypted-media; gyroscope; picture-in-picture\" allowfullscreen=\"\"><\/iframe>\n<\/div>\n\n\n\n<div class=\"wp-block-column is-layout-flow wp-block-column-is-layout-flow\">\n<iframe width=\"260\" height=\"115\" src=\"https:\/\/www.youtube.com\/embed\/SnGc9PITT3s\" title=\"YouTube video player\" frameborder=\"0\" allow=\"accelerometer; autoplay; clipboard-write; encrypted-media; gyroscope; picture-in-picture\" allowfullscreen=\"\"><\/iframe>\n<\/div>\n\n\n\n<div class=\"wp-block-column is-layout-flow wp-block-column-is-layout-flow\"><\/div>\n<\/div>\n<\/div><\/div>","protected":false},"excerpt":{"rendered":"<p>La d\u00e9pression est une maladie mentale courante qui peut affecter tous les aspects de la vie d&rsquo;une personne. Elle peut&#8230; <a href=\"https:\/\/covid19-a-savoir.net\/index.php\/faire-face-a-la-depression\/\" class=\"readmore\">Read more<span class=\"screen-reader-text\">Faire face \u00e0 la d\u00e9pression<\/span><span class=\"fa fa-angle-double-right\" aria-hidden=\"true\"><\/span><\/a><\/p>\n","protected":false},"author":1,"featured_media":0,"parent":0,"menu_order":0,"comment_status":"closed","ping_status":"closed","template":"","meta":{"footnotes":""},"yoast_head":"<!-- This site is optimized with the Yoast SEO plugin v23.2 - https:\/\/yoast.com\/wordpress\/plugins\/seo\/ -->\n<title>Faire face \u00e0 la d\u00e9pression - Actualit\u00e9s, , .... Apr\u00e8s la p\u00e9riode &quot;covid19&quot;<\/title>\n<meta name=\"robots\" content=\"index, follow, max-snippet:-1, max-image-preview:large, max-video-preview:-1\" \/>\n<link rel=\"canonical\" href=\"https:\/\/covid19-a-savoir.net\/index.php\/faire-face-a-la-depression\/\" \/>\n<meta property=\"og:locale\" content=\"fr_FR\" \/>\n<meta property=\"og:type\" content=\"article\" \/>\n<meta property=\"og:title\" content=\"Faire face \u00e0 la d\u00e9pression - Actualit\u00e9s, , .... Apr\u00e8s la p\u00e9riode &quot;covid19&quot;\" \/>\n<meta property=\"og:description\" content=\"La d\u00e9pression est une maladie mentale courante qui peut affecter tous les aspects de la vie d&rsquo;une personne. Elle peut... Read moreFaire face \u00e0 la d\u00e9pression\" \/>\n<meta property=\"og:url\" content=\"https:\/\/covid19-a-savoir.net\/index.php\/faire-face-a-la-depression\/\" \/>\n<meta property=\"og:site_name\" content=\"Actualit\u00e9s, , .... Apr\u00e8s la p\u00e9riode &quot;covid19&quot;\" \/>\n<meta property=\"article:modified_time\" content=\"2023-02-22T09:57:20+00:00\" \/>\n<meta name=\"twitter:card\" content=\"summary_large_image\" \/>\n<meta name=\"twitter:label1\" content=\"Dur\u00e9e de lecture estim\u00e9e\" \/>\n\t<meta name=\"twitter:data1\" content=\"3 minutes\" \/>\n<script type=\"application\/ld+json\" class=\"yoast-schema-graph\">{\"@context\":\"https:\/\/schema.org\",\"@graph\":[{\"@type\":\"WebPage\",\"@id\":\"https:\/\/covid19-a-savoir.net\/index.php\/faire-face-a-la-depression\/\",\"url\":\"https:\/\/covid19-a-savoir.net\/index.php\/faire-face-a-la-depression\/\",\"name\":\"Faire face \u00e0 la d\u00e9pression - Actualit\u00e9s, , .... Apr\u00e8s la p\u00e9riode &quot;covid19&quot;\",\"isPartOf\":{\"@id\":\"https:\/\/covid19-a-savoir.net\/#website\"},\"datePublished\":\"2022-10-10T07:21:26+00:00\",\"dateModified\":\"2023-02-22T09:57:20+00:00\",\"breadcrumb\":{\"@id\":\"https:\/\/covid19-a-savoir.net\/index.php\/faire-face-a-la-depression\/#breadcrumb\"},\"inLanguage\":\"fr-FR\",\"potentialAction\":[{\"@type\":\"ReadAction\",\"target\":[\"https:\/\/covid19-a-savoir.net\/index.php\/faire-face-a-la-depression\/\"]}]},{\"@type\":\"BreadcrumbList\",\"@id\":\"https:\/\/covid19-a-savoir.net\/index.php\/faire-face-a-la-depression\/#breadcrumb\",\"itemListElement\":[{\"@type\":\"ListItem\",\"position\":1,\"name\":\"Accueil\",\"item\":\"https:\/\/covid19-a-savoir.net\/\"},{\"@type\":\"ListItem\",\"position\":2,\"name\":\"Faire face \u00e0 la d\u00e9pression\"}]},{\"@type\":\"WebSite\",\"@id\":\"https:\/\/covid19-a-savoir.net\/#website\",\"url\":\"https:\/\/covid19-a-savoir.net\/\",\"name\":\"Actualit\u00e9s, , .... Apr\u00e8s la p\u00e9riode &quot;covid19&quot;\",\"description\":\"DES V\u00c9RIT\u00c9S QUI D\u00c9RANGENT\",\"publisher\":{\"@id\":\"https:\/\/covid19-a-savoir.net\/#\/schema\/person\/53265987e4424cc7dde2f857d2b378cf\"},\"potentialAction\":[{\"@type\":\"SearchAction\",\"target\":{\"@type\":\"EntryPoint\",\"urlTemplate\":\"https:\/\/covid19-a-savoir.net\/?s={search_term_string}\"},\"query-input\":\"required name=search_term_string\"}],\"inLanguage\":\"fr-FR\"},{\"@type\":[\"Person\",\"Organization\"],\"@id\":\"https:\/\/covid19-a-savoir.net\/#\/schema\/person\/53265987e4424cc7dde2f857d2b378cf\",\"name\":\"GS\",\"image\":{\"@type\":\"ImageObject\",\"inLanguage\":\"fr-FR\",\"@id\":\"https:\/\/covid19-a-savoir.net\/#\/schema\/person\/image\/\",\"url\":\"https:\/\/covid19-a-savoir.net\/wp-content\/uploads\/2022\/07\/dans-ce-monde-312x312-1.png\",\"contentUrl\":\"https:\/\/covid19-a-savoir.net\/wp-content\/uploads\/2022\/07\/dans-ce-monde-312x312-1.png\",\"width\":312,\"height\":312,\"caption\":\"GS\"},\"logo\":{\"@id\":\"https:\/\/covid19-a-savoir.net\/#\/schema\/person\/image\/\"},\"sameAs\":[\"http:\/\/covid19-a-savoir.net\"]}]}<\/script>\n<!-- \/ Yoast SEO plugin. -->","yoast_head_json":{"title":"Faire face \u00e0 la d\u00e9pression - Actualit\u00e9s, , .... Apr\u00e8s la p\u00e9riode &quot;covid19&quot;","robots":{"index":"index","follow":"follow","max-snippet":"max-snippet:-1","max-image-preview":"max-image-preview:large","max-video-preview":"max-video-preview:-1"},"canonical":"https:\/\/covid19-a-savoir.net\/index.php\/faire-face-a-la-depression\/","og_locale":"fr_FR","og_type":"article","og_title":"Faire face \u00e0 la d\u00e9pression - Actualit\u00e9s, , .... Apr\u00e8s la p\u00e9riode &quot;covid19&quot;","og_description":"La d\u00e9pression est une maladie mentale courante qui peut affecter tous les aspects de la vie d&rsquo;une personne. Elle peut... Read moreFaire face \u00e0 la d\u00e9pression","og_url":"https:\/\/covid19-a-savoir.net\/index.php\/faire-face-a-la-depression\/","og_site_name":"Actualit\u00e9s, , .... Apr\u00e8s la p\u00e9riode &quot;covid19&quot;","article_modified_time":"2023-02-22T09:57:20+00:00","twitter_card":"summary_large_image","twitter_misc":{"Dur\u00e9e de lecture estim\u00e9e":"3 minutes"},"schema":{"@context":"https:\/\/schema.org","@graph":[{"@type":"WebPage","@id":"https:\/\/covid19-a-savoir.net\/index.php\/faire-face-a-la-depression\/","url":"https:\/\/covid19-a-savoir.net\/index.php\/faire-face-a-la-depression\/","name":"Faire face \u00e0 la d\u00e9pression - Actualit\u00e9s, , .... Apr\u00e8s la p\u00e9riode &quot;covid19&quot;","isPartOf":{"@id":"https:\/\/covid19-a-savoir.net\/#website"},"datePublished":"2022-10-10T07:21:26+00:00","dateModified":"2023-02-22T09:57:20+00:00","breadcrumb":{"@id":"https:\/\/covid19-a-savoir.net\/index.php\/faire-face-a-la-depression\/#breadcrumb"},"inLanguage":"fr-FR","potentialAction":[{"@type":"ReadAction","target":["https:\/\/covid19-a-savoir.net\/index.php\/faire-face-a-la-depression\/"]}]},{"@type":"BreadcrumbList","@id":"https:\/\/covid19-a-savoir.net\/index.php\/faire-face-a-la-depression\/#breadcrumb","itemListElement":[{"@type":"ListItem","position":1,"name":"Accueil","item":"https:\/\/covid19-a-savoir.net\/"},{"@type":"ListItem","position":2,"name":"Faire face \u00e0 la d\u00e9pression"}]},{"@type":"WebSite","@id":"https:\/\/covid19-a-savoir.net\/#website","url":"https:\/\/covid19-a-savoir.net\/","name":"Actualit\u00e9s, , .... Apr\u00e8s la p\u00e9riode &quot;covid19&quot;","description":"DES V\u00c9RIT\u00c9S QUI D\u00c9RANGENT","publisher":{"@id":"https:\/\/covid19-a-savoir.net\/#\/schema\/person\/53265987e4424cc7dde2f857d2b378cf"},"potentialAction":[{"@type":"SearchAction","target":{"@type":"EntryPoint","urlTemplate":"https:\/\/covid19-a-savoir.net\/?s={search_term_string}"},"query-input":"required name=search_term_string"}],"inLanguage":"fr-FR"},{"@type":["Person","Organization"],"@id":"https:\/\/covid19-a-savoir.net\/#\/schema\/person\/53265987e4424cc7dde2f857d2b378cf","name":"GS","image":{"@type":"ImageObject","inLanguage":"fr-FR","@id":"https:\/\/covid19-a-savoir.net\/#\/schema\/person\/image\/","url":"https:\/\/covid19-a-savoir.net\/wp-content\/uploads\/2022\/07\/dans-ce-monde-312x312-1.png","contentUrl":"https:\/\/covid19-a-savoir.net\/wp-content\/uploads\/2022\/07\/dans-ce-monde-312x312-1.png","width":312,"height":312,"caption":"GS"},"logo":{"@id":"https:\/\/covid19-a-savoir.net\/#\/schema\/person\/image\/"},"sameAs":["http:\/\/covid19-a-savoir.net"]}]}},"jetpack_sharing_enabled":true,"_links":{"self":[{"href":"https:\/\/covid19-a-savoir.net\/index.php\/wp-json\/wp\/v2\/pages\/1825"}],"collection":[{"href":"https:\/\/covid19-a-savoir.net\/index.php\/wp-json\/wp\/v2\/pages"}],"about":[{"href":"https:\/\/covid19-a-savoir.net\/index.php\/wp-json\/wp\/v2\/types\/page"}],"author":[{"embeddable":true,"href":"https:\/\/covid19-a-savoir.net\/index.php\/wp-json\/wp\/v2\/users\/1"}],"replies":[{"embeddable":true,"href":"https:\/\/covid19-a-savoir.net\/index.php\/wp-json\/wp\/v2\/comments?post=1825"}],"version-history":[{"count":3,"href":"https:\/\/covid19-a-savoir.net\/index.php\/wp-json\/wp\/v2\/pages\/1825\/revisions"}],"predecessor-version":[{"id":2428,"href":"https:\/\/covid19-a-savoir.net\/index.php\/wp-json\/wp\/v2\/pages\/1825\/revisions\/2428"}],"wp:attachment":[{"href":"https:\/\/covid19-a-savoir.net\/index.php\/wp-json\/wp\/v2\/media?parent=1825"}],"curies":[{"name":"wp","href":"https:\/\/api.w.org\/{rel}","templated":true}]}}